{"id":710,"date":"2024-02-19T11:14:37","date_gmt":"2024-02-19T11:14:37","guid":{"rendered":"https:\/\/futuraestudio.arq.br\/?post_type=project&#038;p=710"},"modified":"2024-03-05T12:12:34","modified_gmt":"2024-03-05T12:12:34","slug":"bar-alto","status":"publish","type":"project","link":"https:\/\/futuraestudio.arq.br\/index.php\/project\/bar-alto\/","title":{"rendered":"Bar Alto"},"content":{"rendered":"\n<div class=\"wp-block-columns is-layout-flex wp-container-core-columns-is-layout-9d6595d7 wp-block-columns-is-layout-flex\">\n<div class=\"wp-block-column is-layout-flow wp-block-column-is-layout-flow\">\n<p><\/p>\n\n\n\n<p><strong>Briefing do cliente:<\/strong><\/p>\n\n\n\n<p>O Bar Alto surgiu da transforma\u00e7\u00e3o de uma antiga casa de ch\u00e1, localizada na charmosa Vila Madalena. A propriedade, inicialmente deteriorada, apresentava um espa\u00e7o pontual ao fundo, e a ideia era criar um ambiente aconchegante com um terra\u00e7o que proporcionasse uma vista deslumbrante da Vila Madalena, aproveitando a eleva\u00e7\u00e3o geogr\u00e1fica. A necessidade era clara: desenvolver uma casa de shows menor, com a dualidade de funcionar como um bar de m\u00fasica e coquet\u00e9is, atraindo diferentes p\u00fablicos.<br><br><strong>O papel da Futura:<\/strong><\/p>\n\n\n\n<p>Ao realizar a triagem inicial, surgiu a proposta de uma passarela conectando os dois andares, aproveitando os 8 metros de terreno entre a rua e o andar superior. Optou-se por estruturar o Bar Alto em diferentes n\u00edveis, tornando a conex\u00e3o entre os andares mais atrativa e \u00fanica.<\/p>\n\n\n\n<blockquote class=\"wp-block-quote is-layout-flow wp-block-quote-is-layout-flow\">\n<p><em>\u201cO Alto ocupa v\u00e1rios ambientes em um formato diferente quando o assunto \u00e9 um espa\u00e7o que privilegia a m\u00fasica. A entrada tem uma arquibancada que d\u00e1 em um bar pequeno e aconchegante.\u201d<\/em> <\/p>\n<cite>Guia da Folha (2022)<\/cite><\/blockquote>\n\n\n\n<p>O primeiro andar foi cuidadosamente planejado como um bar de alta coquetelaria, conectando-se de forma direta \u00e0 rua, proporcionando um movimento agrad\u00e1vel na fachada sem causar aglomera\u00e7\u00e3o. Este espa\u00e7o conta com uma arquibancada ligada \u00e0 cal\u00e7ada, permitindo que as pessoas desfrutem do ambiente sem a necessidade de participar de outros eventos da casa, como shows.O segundo andar, conectado por uma passarela, abriga a casa de shows intimista para 80 pessoas, com DJs e bandas se apresentando. Neste n\u00edvel, tamb\u00e9m est\u00e3o localizados os banheiros e a cozinha. O terceiro andar consiste em um terra\u00e7o com conex\u00e3o ao bar da Heineken, oferecendo um local agrad\u00e1vel para apreciar cervejas e vistas panor\u00e2micas durante o ver\u00e3o, com diferentes DJs proporcionando uma alternativa musical.<\/p>\n\n\n\n<p><\/p>\n\n\n\n<blockquote class=\"wp-block-quote is-layout-flow wp-block-quote-is-layout-flow\">\n<p><em>\u201cUm dos pontos destac\u00e1veis do projeto \u00e9 a supera\u00e7\u00e3o dos desn\u00edveis, que inicialmente representavam um desafio para a interliga\u00e7\u00e3o harmoniosa de todo o espa\u00e7o. A implanta\u00e7\u00e3o foi assertiva, aproveitando ao m\u00e1ximo as caracter\u00edsticas do terreno e proporcionando um ambiente bem dividido e integrado. O Bar Alto se destaca como um lugar bonito e agrad\u00e1vel, com uma feliz integra\u00e7\u00e3o da fachada, abrindo-se para a cidade e estabelecendo uma conex\u00e3o essencial com a rua. A arquibancada desempenha um papel crucial ao abrir mais espa\u00e7o para a rua, tornando o local acolhedor e integrado ao entorno.\u201d<\/em> <\/p>\n<cite>Larissa Burke, fundadora da Futura<\/cite><\/blockquote>\n<\/div>\n\n\n\n<div class=\"wp-block-column is-layout-flow wp-block-column-is-layout-flow\">\n<figure class=\"wp-block-image size-full\"><img decoding=\"async\" width=\"1707\" height=\"2560\" src=\"https:\/\/futuraestudio.arq.br\/wp-content\/uploads\/2024\/02\/Projeto-do-Bar-Alto-e-Claudia-Millos-Camilo-no-Bar-Alto-08-12-22-51-de-186-scaled.jpg\" alt=\"\" class=\"wp-image-1083\" srcset=\"https:\/\/futuraestudio.arq.br\/wp-content\/uploads\/2024\/02\/Projeto-do-Bar-Alto-e-Claudia-Millos-Camilo-no-Bar-Alto-08-12-22-51-de-186-scaled.jpg 1707w, https:\/\/futuraestudio.arq.br\/wp-content\/uploads\/2024\/02\/Projeto-do-Bar-Alto-e-Claudia-Millos-Camilo-no-Bar-Alto-08-12-22-51-de-186-1280x1920.jpg 1280w, https:\/\/futuraestudio.arq.br\/wp-content\/uploads\/2024\/02\/Projeto-do-Bar-Alto-e-Claudia-Millos-Camilo-no-Bar-Alto-08-12-22-51-de-186-980x1470.jpg 980w, https:\/\/futuraestudio.arq.br\/wp-content\/uploads\/2024\/02\/Projeto-do-Bar-Alto-e-Claudia-Millos-Camilo-no-Bar-Alto-08-12-22-51-de-186-480x720.jpg 480w\" sizes=\"(min-width: 0px) and (max-width: 480px) 480px, (min-width: 481px) and (max-width: 980px) 980px, (min-width: 981px) and (max-width: 1280px) 1280px, (min-width: 1281px) 1707px, 100vw\" \/><\/figure>\n<\/div>\n<\/div>\n\n\n\n<div class=\"wp-block-columns alignfull is-layout-flex wp-container-core-columns-is-layout-9d6595d7 wp-block-columns-is-layout-flex\">\n<div class=\"wp-block-column is-layout-flow wp-block-column-is-layout-flow\" style=\"flex-basis:100%\">\n<div class=\"wp-block-group is-nowrap is-layout-flex wp-container-core-group-is-layout-ad2f72ca wp-block-group-is-layout-flex\">\n<figure class=\"wp-block-gallery has-nested-images columns-3 is-cropped wp-block-gallery-1 is-layout-flex wp-block-gallery-is-layout-flex\">\n<figure class=\"wp-block-image size-full\"><a href=\"https:\/\/futuraestudio.arq.br\/wp-content\/uploads\/2024\/01\/Projeto-do-Bar-Alto-e-Claudia-Millos-Camilo-no-Bar-Alto-08-12-22-6-de-186-scaled.jpg\"><img decoding=\"async\" width=\"2560\" height=\"1707\" data-id=\"742\" src=\"https:\/\/futuraestudio.arq.br\/wp-content\/uploads\/2024\/01\/Projeto-do-Bar-Alto-e-Claudia-Millos-Camilo-no-Bar-Alto-08-12-22-6-de-186-scaled.jpg\" alt=\"\" class=\"wp-image-742\" srcset=\"https:\/\/futuraestudio.arq.br\/wp-content\/uploads\/2024\/01\/Projeto-do-Bar-Alto-e-Claudia-Millos-Camilo-no-Bar-Alto-08-12-22-6-de-186-scaled.jpg 2560w, https:\/\/futuraestudio.arq.br\/wp-content\/uploads\/2024\/01\/Projeto-do-Bar-Alto-e-Claudia-Millos-Camilo-no-Bar-Alto-08-12-22-6-de-186-1280x854.jpg 1280w, https:\/\/futuraestudio.arq.br\/wp-content\/uploads\/2024\/01\/Projeto-do-Bar-Alto-e-Claudia-Millos-Camilo-no-Bar-Alto-08-12-22-6-de-186-980x653.jpg 980w, https:\/\/futuraestudio.arq.br\/wp-content\/uploads\/2024\/01\/Projeto-do-Bar-Alto-e-Claudia-Millos-Camilo-no-Bar-Alto-08-12-22-6-de-186-480x320.jpg 480w\" sizes=\"(min-width: 0px) and (max-width: 480px) 480px, (min-width: 481px) and (max-width: 980px) 980px, (min-width: 981px) and (max-width: 1280px) 1280px, (min-width: 1281px) 2560px, 100vw\" \/><\/a><\/figure>\n\n\n\n<figure class=\"wp-block-image size-full\"><a href=\"https:\/\/futuraestudio.arq.br\/wp-content\/uploads\/2024\/01\/Projeto-do-Bar-Alto-e-Claudia-Millos-Camilo-no-Bar-Alto-08-12-22-16-de-186-scaled.jpg\"><img decoding=\"async\" width=\"1707\" height=\"2560\" data-id=\"743\" src=\"https:\/\/futuraestudio.arq.br\/wp-content\/uploads\/2024\/01\/Projeto-do-Bar-Alto-e-Claudia-Millos-Camilo-no-Bar-Alto-08-12-22-16-de-186-scaled.jpg\" alt=\"\" class=\"wp-image-743\" srcset=\"https:\/\/futuraestudio.arq.br\/wp-content\/uploads\/2024\/01\/Projeto-do-Bar-Alto-e-Claudia-Millos-Camilo-no-Bar-Alto-08-12-22-16-de-186-scaled.jpg 1707w, https:\/\/futuraestudio.arq.br\/wp-content\/uploads\/2024\/01\/Projeto-do-Bar-Alto-e-Claudia-Millos-Camilo-no-Bar-Alto-08-12-22-16-de-186-1280x1920.jpg 1280w, https:\/\/futuraestudio.arq.br\/wp-content\/uploads\/2024\/01\/Projeto-do-Bar-Alto-e-Claudia-Millos-Camilo-no-Bar-Alto-08-12-22-16-de-186-980x1470.jpg 980w, https:\/\/futuraestudio.arq.br\/wp-content\/uploads\/2024\/01\/Projeto-do-Bar-Alto-e-Claudia-Millos-Camilo-no-Bar-Alto-08-12-22-16-de-186-480x720.jpg 480w\" sizes=\"(min-width: 0px) and (max-width: 480px) 480px, (min-width: 481px) and (max-width: 980px) 980px, (min-width: 981px) and (max-width: 1280px) 1280px, (min-width: 1281px) 1707px, 100vw\" \/><\/a><\/figure>\n\n\n\n<figure class=\"wp-block-image size-full\"><a href=\"https:\/\/futuraestudio.arq.br\/wp-content\/uploads\/2024\/01\/Projeto-do-Bar-Alto-e-Claudia-Millos-Camilo-no-Bar-Alto-08-12-22-28-de-186-scaled.jpg\"><img decoding=\"async\" width=\"1707\" height=\"2560\" data-id=\"744\" src=\"https:\/\/futuraestudio.arq.br\/wp-content\/uploads\/2024\/01\/Projeto-do-Bar-Alto-e-Claudia-Millos-Camilo-no-Bar-Alto-08-12-22-28-de-186-scaled.jpg\" alt=\"\" class=\"wp-image-744\" srcset=\"https:\/\/futuraestudio.arq.br\/wp-content\/uploads\/2024\/01\/Projeto-do-Bar-Alto-e-Claudia-Millos-Camilo-no-Bar-Alto-08-12-22-28-de-186-scaled.jpg 1707w, https:\/\/futuraestudio.arq.br\/wp-content\/uploads\/2024\/01\/Projeto-do-Bar-Alto-e-Claudia-Millos-Camilo-no-Bar-Alto-08-12-22-28-de-186-1280x1920.jpg 1280w, https:\/\/futuraestudio.arq.br\/wp-content\/uploads\/2024\/01\/Projeto-do-Bar-Alto-e-Claudia-Millos-Camilo-no-Bar-Alto-08-12-22-28-de-186-980x1470.jpg 980w, https:\/\/futuraestudio.arq.br\/wp-content\/uploads\/2024\/01\/Projeto-do-Bar-Alto-e-Claudia-Millos-Camilo-no-Bar-Alto-08-12-22-28-de-186-480x720.jpg 480w\" sizes=\"(min-width: 0px) and (max-width: 480px) 480px, (min-width: 481px) and (max-width: 980px) 980px, (min-width: 981px) and (max-width: 1280px) 1280px, (min-width: 1281px) 1707px, 100vw\" \/><\/a><\/figure>\n\n\n\n<figure class=\"wp-block-image size-full\"><a href=\"https:\/\/futuraestudio.arq.br\/wp-content\/uploads\/2024\/01\/Projeto-do-Bar-Alto-e-Claudia-Millos-Camilo-no-Bar-Alto-08-12-22-38-de-186-scaled.jpg\"><img decoding=\"async\" width=\"2560\" height=\"1706\" data-id=\"745\" src=\"https:\/\/futuraestudio.arq.br\/wp-content\/uploads\/2024\/01\/Projeto-do-Bar-Alto-e-Claudia-Millos-Camilo-no-Bar-Alto-08-12-22-38-de-186-scaled.jpg\" alt=\"\" class=\"wp-image-745\" srcset=\"https:\/\/futuraestudio.arq.br\/wp-content\/uploads\/2024\/01\/Projeto-do-Bar-Alto-e-Claudia-Millos-Camilo-no-Bar-Alto-08-12-22-38-de-186-scaled.jpg 2560w, https:\/\/futuraestudio.arq.br\/wp-content\/uploads\/2024\/01\/Projeto-do-Bar-Alto-e-Claudia-Millos-Camilo-no-Bar-Alto-08-12-22-38-de-186-1280x853.jpg 1280w, https:\/\/futuraestudio.arq.br\/wp-content\/uploads\/2024\/01\/Projeto-do-Bar-Alto-e-Claudia-Millos-Camilo-no-Bar-Alto-08-12-22-38-de-186-980x653.jpg 980w, https:\/\/futuraestudio.arq.br\/wp-content\/uploads\/2024\/01\/Projeto-do-Bar-Alto-e-Claudia-Millos-Camilo-no-Bar-Alto-08-12-22-38-de-186-480x320.jpg 480w\" sizes=\"(min-width: 0px) and (max-width: 480px) 480px, (min-width: 481px) and (max-width: 980px) 980px, (min-width: 981px) and (max-width: 1280px) 1280px, (min-width: 1281px) 2560px, 100vw\" \/><\/a><\/figure>\n\n\n\n<figure class=\"wp-block-image size-full\"><a href=\"https:\/\/futuraestudio.arq.br\/wp-content\/uploads\/2024\/01\/Projeto-do-Bar-Alto-e-Claudia-Millos-Camilo-no-Bar-Alto-08-12-22-40-de-186-scaled.jpg\"><img decoding=\"async\" width=\"2560\" height=\"1707\" data-id=\"746\" src=\"https:\/\/futuraestudio.arq.br\/wp-content\/uploads\/2024\/01\/Projeto-do-Bar-Alto-e-Claudia-Millos-Camilo-no-Bar-Alto-08-12-22-40-de-186-scaled.jpg\" alt=\"\" class=\"wp-image-746\" srcset=\"https:\/\/futuraestudio.arq.br\/wp-content\/uploads\/2024\/01\/Projeto-do-Bar-Alto-e-Claudia-Millos-Camilo-no-Bar-Alto-08-12-22-40-de-186-scaled.jpg 2560w, https:\/\/futuraestudio.arq.br\/wp-content\/uploads\/2024\/01\/Projeto-do-Bar-Alto-e-Claudia-Millos-Camilo-no-Bar-Alto-08-12-22-40-de-186-1280x854.jpg 1280w, https:\/\/futuraestudio.arq.br\/wp-content\/uploads\/2024\/01\/Projeto-do-Bar-Alto-e-Claudia-Millos-Camilo-no-Bar-Alto-08-12-22-40-de-186-980x653.jpg 980w, https:\/\/futuraestudio.arq.br\/wp-content\/uploads\/2024\/01\/Projeto-do-Bar-Alto-e-Claudia-Millos-Camilo-no-Bar-Alto-08-12-22-40-de-186-480x320.jpg 480w\" sizes=\"(min-width: 0px) and (max-width: 480px) 480px, (min-width: 481px) and (max-width: 980px) 980px, (min-width: 981px) and (max-width: 1280px) 1280px, (min-width: 1281px) 2560px, 100vw\" \/><\/a><\/figure>\n\n\n\n<figure class=\"wp-block-image size-full\"><a href=\"https:\/\/futuraestudio.arq.br\/wp-content\/uploads\/2024\/01\/Projeto-do-Bar-Alto-e-Claudia-Millos-Camilo-no-Bar-Alto-08-12-22-41-de-186-scaled.jpg\"><img decoding=\"async\" width=\"2560\" height=\"1707\" data-id=\"747\" src=\"https:\/\/futuraestudio.arq.br\/wp-content\/uploads\/2024\/01\/Projeto-do-Bar-Alto-e-Claudia-Millos-Camilo-no-Bar-Alto-08-12-22-41-de-186-scaled.jpg\" alt=\"\" class=\"wp-image-747\" srcset=\"https:\/\/futuraestudio.arq.br\/wp-content\/uploads\/2024\/01\/Projeto-do-Bar-Alto-e-Claudia-Millos-Camilo-no-Bar-Alto-08-12-22-41-de-186-scaled.jpg 2560w, https:\/\/futuraestudio.arq.br\/wp-content\/uploads\/2024\/01\/Projeto-do-Bar-Alto-e-Claudia-Millos-Camilo-no-Bar-Alto-08-12-22-41-de-186-1280x854.jpg 1280w, https:\/\/futuraestudio.arq.br\/wp-content\/uploads\/2024\/01\/Projeto-do-Bar-Alto-e-Claudia-Millos-Camilo-no-Bar-Alto-08-12-22-41-de-186-980x653.jpg 980w, https:\/\/futuraestudio.arq.br\/wp-content\/uploads\/2024\/01\/Projeto-do-Bar-Alto-e-Claudia-Millos-Camilo-no-Bar-Alto-08-12-22-41-de-186-480x320.jpg 480w\" sizes=\"(min-width: 0px) and (max-width: 480px) 480px, (min-width: 481px) and (max-width: 980px) 980px, (min-width: 981px) and (max-width: 1280px) 1280px, (min-width: 1281px) 2560px, 100vw\" \/><\/a><\/figure>\n\n\n\n<figure class=\"wp-block-image size-full\"><a href=\"https:\/\/futuraestudio.arq.br\/wp-content\/uploads\/2024\/01\/Projeto-do-Bar-Alto-e-Claudia-Millos-Camilo-no-Bar-Alto-08-12-22-46-de-186-scaled.jpg\"><img decoding=\"async\" width=\"2560\" height=\"1706\" data-id=\"748\" src=\"https:\/\/futuraestudio.arq.br\/wp-content\/uploads\/2024\/01\/Projeto-do-Bar-Alto-e-Claudia-Millos-Camilo-no-Bar-Alto-08-12-22-46-de-186-scaled.jpg\" alt=\"\" class=\"wp-image-748\" srcset=\"https:\/\/futuraestudio.arq.br\/wp-content\/uploads\/2024\/01\/Projeto-do-Bar-Alto-e-Claudia-Millos-Camilo-no-Bar-Alto-08-12-22-46-de-186-scaled.jpg 2560w, https:\/\/futuraestudio.arq.br\/wp-content\/uploads\/2024\/01\/Projeto-do-Bar-Alto-e-Claudia-Millos-Camilo-no-Bar-Alto-08-12-22-46-de-186-1280x853.jpg 1280w, https:\/\/futuraestudio.arq.br\/wp-content\/uploads\/2024\/01\/Projeto-do-Bar-Alto-e-Claudia-Millos-Camilo-no-Bar-Alto-08-12-22-46-de-186-980x653.jpg 980w, https:\/\/futuraestudio.arq.br\/wp-content\/uploads\/2024\/01\/Projeto-do-Bar-Alto-e-Claudia-Millos-Camilo-no-Bar-Alto-08-12-22-46-de-186-480x320.jpg 480w\" sizes=\"(min-width: 0px) and (max-width: 480px) 480px, (min-width: 481px) and (max-width: 980px) 980px, (min-width: 981px) and (max-width: 1280px) 1280px, (min-width: 1281px) 2560px, 100vw\" \/><\/a><\/figure>\n\n\n\n<figure class=\"wp-block-image size-full\"><a href=\"https:\/\/futuraestudio.arq.br\/wp-content\/uploads\/2024\/01\/Projeto-do-Bar-Alto-e-Claudia-Millos-Camilo-no-Bar-Alto-08-12-22-47-de-186-scaled.jpg\"><img decoding=\"async\" width=\"2560\" height=\"1706\" data-id=\"749\" src=\"https:\/\/futuraestudio.arq.br\/wp-content\/uploads\/2024\/01\/Projeto-do-Bar-Alto-e-Claudia-Millos-Camilo-no-Bar-Alto-08-12-22-47-de-186-scaled.jpg\" alt=\"\" class=\"wp-image-749\" srcset=\"https:\/\/futuraestudio.arq.br\/wp-content\/uploads\/2024\/01\/Projeto-do-Bar-Alto-e-Claudia-Millos-Camilo-no-Bar-Alto-08-12-22-47-de-186-scaled.jpg 2560w, https:\/\/futuraestudio.arq.br\/wp-content\/uploads\/2024\/01\/Projeto-do-Bar-Alto-e-Claudia-Millos-Camilo-no-Bar-Alto-08-12-22-47-de-186-1280x853.jpg 1280w, https:\/\/futuraestudio.arq.br\/wp-content\/uploads\/2024\/01\/Projeto-do-Bar-Alto-e-Claudia-Millos-Camilo-no-Bar-Alto-08-12-22-47-de-186-980x653.jpg 980w, https:\/\/futuraestudio.arq.br\/wp-content\/uploads\/2024\/01\/Projeto-do-Bar-Alto-e-Claudia-Millos-Camilo-no-Bar-Alto-08-12-22-47-de-186-480x320.jpg 480w\" sizes=\"(min-width: 0px) and (max-width: 480px) 480px, (min-width: 481px) and (max-width: 980px) 980px, (min-width: 981px) and (max-width: 1280px) 1280px, (min-width: 1281px) 2560px, 100vw\" \/><\/a><\/figure>\n\n\n\n<figure class=\"wp-block-image size-full\"><a href=\"https:\/\/futuraestudio.arq.br\/wp-content\/uploads\/2024\/01\/Projeto-do-Bar-Alto-e-Claudia-Millos-Camilo-no-Bar-Alto-08-12-22-49-de-186-scaled.jpg\"><img decoding=\"async\" width=\"2560\" height=\"1706\" data-id=\"750\" src=\"https:\/\/futuraestudio.arq.br\/wp-content\/uploads\/2024\/01\/Projeto-do-Bar-Alto-e-Claudia-Millos-Camilo-no-Bar-Alto-08-12-22-49-de-186-scaled.jpg\" alt=\"\" class=\"wp-image-750\" srcset=\"https:\/\/futuraestudio.arq.br\/wp-content\/uploads\/2024\/01\/Projeto-do-Bar-Alto-e-Claudia-Millos-Camilo-no-Bar-Alto-08-12-22-49-de-186-scaled.jpg 2560w, https:\/\/futuraestudio.arq.br\/wp-content\/uploads\/2024\/01\/Projeto-do-Bar-Alto-e-Claudia-Millos-Camilo-no-Bar-Alto-08-12-22-49-de-186-1280x853.jpg 1280w, https:\/\/futuraestudio.arq.br\/wp-content\/uploads\/2024\/01\/Projeto-do-Bar-Alto-e-Claudia-Millos-Camilo-no-Bar-Alto-08-12-22-49-de-186-980x653.jpg 980w, https:\/\/futuraestudio.arq.br\/wp-content\/uploads\/2024\/01\/Projeto-do-Bar-Alto-e-Claudia-Millos-Camilo-no-Bar-Alto-08-12-22-49-de-186-480x320.jpg 480w\" sizes=\"(min-width: 0px) and (max-width: 480px) 480px, (min-width: 481px) and (max-width: 980px) 980px, (min-width: 981px) and (max-width: 1280px) 1280px, (min-width: 1281px) 2560px, 100vw\" \/><\/a><\/figure>\n\n\n\n<figure class=\"wp-block-image size-full\"><a href=\"https:\/\/futuraestudio.arq.br\/wp-content\/uploads\/2024\/01\/Projeto-do-Bar-Alto-e-Claudia-Millos-Camilo-no-Bar-Alto-08-12-22-50-de-186-scaled.jpg\"><img decoding=\"async\" width=\"2560\" height=\"1706\" data-id=\"751\" src=\"https:\/\/futuraestudio.arq.br\/wp-content\/uploads\/2024\/01\/Projeto-do-Bar-Alto-e-Claudia-Millos-Camilo-no-Bar-Alto-08-12-22-50-de-186-scaled.jpg\" alt=\"\" class=\"wp-image-751\" srcset=\"https:\/\/futuraestudio.arq.br\/wp-content\/uploads\/2024\/01\/Projeto-do-Bar-Alto-e-Claudia-Millos-Camilo-no-Bar-Alto-08-12-22-50-de-186-scaled.jpg 2560w, https:\/\/futuraestudio.arq.br\/wp-content\/uploads\/2024\/01\/Projeto-do-Bar-Alto-e-Claudia-Millos-Camilo-no-Bar-Alto-08-12-22-50-de-186-1280x853.jpg 1280w, https:\/\/futuraestudio.arq.br\/wp-content\/uploads\/2024\/01\/Projeto-do-Bar-Alto-e-Claudia-Millos-Camilo-no-Bar-Alto-08-12-22-50-de-186-980x653.jpg 980w, https:\/\/futuraestudio.arq.br\/wp-content\/uploads\/2024\/01\/Projeto-do-Bar-Alto-e-Claudia-Millos-Camilo-no-Bar-Alto-08-12-22-50-de-186-480x320.jpg 480w\" sizes=\"(min-width: 0px) and (max-width: 480px) 480px, (min-width: 481px) and (max-width: 980px) 980px, (min-width: 981px) and (max-width: 1280px) 1280px, (min-width: 1281px) 2560px, 100vw\" \/><\/a><\/figure>\n\n\n\n<figure class=\"wp-block-image size-full\"><a href=\"https:\/\/futuraestudio.arq.br\/wp-content\/uploads\/2024\/01\/Projeto-do-Bar-Alto-e-Claudia-Millos-Camilo-no-Bar-Alto-08-12-22-53-de-186-scaled.jpg\"><img decoding=\"async\" width=\"1707\" height=\"2560\" data-id=\"752\" src=\"https:\/\/futuraestudio.arq.br\/wp-content\/uploads\/2024\/01\/Projeto-do-Bar-Alto-e-Claudia-Millos-Camilo-no-Bar-Alto-08-12-22-53-de-186-scaled.jpg\" alt=\"\" class=\"wp-image-752\" srcset=\"https:\/\/futuraestudio.arq.br\/wp-content\/uploads\/2024\/01\/Projeto-do-Bar-Alto-e-Claudia-Millos-Camilo-no-Bar-Alto-08-12-22-53-de-186-scaled.jpg 1707w, https:\/\/futuraestudio.arq.br\/wp-content\/uploads\/2024\/01\/Projeto-do-Bar-Alto-e-Claudia-Millos-Camilo-no-Bar-Alto-08-12-22-53-de-186-1280x1920.jpg 1280w, https:\/\/futuraestudio.arq.br\/wp-content\/uploads\/2024\/01\/Projeto-do-Bar-Alto-e-Claudia-Millos-Camilo-no-Bar-Alto-08-12-22-53-de-186-980x1470.jpg 980w, https:\/\/futuraestudio.arq.br\/wp-content\/uploads\/2024\/01\/Projeto-do-Bar-Alto-e-Claudia-Millos-Camilo-no-Bar-Alto-08-12-22-53-de-186-480x720.jpg 480w\" sizes=\"(min-width: 0px) and (max-width: 480px) 480px, (min-width: 481px) and (max-width: 980px) 980px, (min-width: 981px) and (max-width: 1280px) 1280px, (min-width: 1281px) 1707px, 100vw\" \/><\/a><\/figure>\n\n\n\n<figure class=\"wp-block-image size-full\"><a href=\"https:\/\/futuraestudio.arq.br\/wp-content\/uploads\/2024\/01\/Projeto-do-Bar-Alto-e-Claudia-Millos-Camilo-no-Bar-Alto-08-12-22-57-de-186-scaled.jpg\"><img decoding=\"async\" width=\"1707\" height=\"2560\" data-id=\"753\" src=\"https:\/\/futuraestudio.arq.br\/wp-content\/uploads\/2024\/01\/Projeto-do-Bar-Alto-e-Claudia-Millos-Camilo-no-Bar-Alto-08-12-22-57-de-186-scaled.jpg\" alt=\"\" class=\"wp-image-753\" srcset=\"https:\/\/futuraestudio.arq.br\/wp-content\/uploads\/2024\/01\/Projeto-do-Bar-Alto-e-Claudia-Millos-Camilo-no-Bar-Alto-08-12-22-57-de-186-scaled.jpg 1707w, https:\/\/futuraestudio.arq.br\/wp-content\/uploads\/2024\/01\/Projeto-do-Bar-Alto-e-Claudia-Millos-Camilo-no-Bar-Alto-08-12-22-57-de-186-1280x1920.jpg 1280w, https:\/\/futuraestudio.arq.br\/wp-content\/uploads\/2024\/01\/Projeto-do-Bar-Alto-e-Claudia-Millos-Camilo-no-Bar-Alto-08-12-22-57-de-186-980x1470.jpg 980w, https:\/\/futuraestudio.arq.br\/wp-content\/uploads\/2024\/01\/Projeto-do-Bar-Alto-e-Claudia-Millos-Camilo-no-Bar-Alto-08-12-22-57-de-186-480x720.jpg 480w\" sizes=\"(min-width: 0px) and (max-width: 480px) 480px, (min-width: 481px) and (max-width: 980px) 980px, (min-width: 981px) and (max-width: 1280px) 1280px, (min-width: 1281px) 1707px, 100vw\" \/><\/a><\/figure>\n\n\n\n<figure class=\"wp-block-image size-full\"><a href=\"https:\/\/futuraestudio.arq.br\/wp-content\/uploads\/2024\/01\/Projeto-do-Bar-Alto-e-Claudia-Millos-Camilo-no-Bar-Alto-08-12-22-66-de-186-scaled.jpg\"><img decoding=\"async\" width=\"2560\" height=\"1707\" data-id=\"754\" src=\"https:\/\/futuraestudio.arq.br\/wp-content\/uploads\/2024\/01\/Projeto-do-Bar-Alto-e-Claudia-Millos-Camilo-no-Bar-Alto-08-12-22-66-de-186-scaled.jpg\" alt=\"\" class=\"wp-image-754\" srcset=\"https:\/\/futuraestudio.arq.br\/wp-content\/uploads\/2024\/01\/Projeto-do-Bar-Alto-e-Claudia-Millos-Camilo-no-Bar-Alto-08-12-22-66-de-186-scaled.jpg 2560w, https:\/\/futuraestudio.arq.br\/wp-content\/uploads\/2024\/01\/Projeto-do-Bar-Alto-e-Claudia-Millos-Camilo-no-Bar-Alto-08-12-22-66-de-186-1280x854.jpg 1280w, https:\/\/futuraestudio.arq.br\/wp-content\/uploads\/2024\/01\/Projeto-do-Bar-Alto-e-Claudia-Millos-Camilo-no-Bar-Alto-08-12-22-66-de-186-980x653.jpg 980w, https:\/\/futuraestudio.arq.br\/wp-content\/uploads\/2024\/01\/Projeto-do-Bar-Alto-e-Claudia-Millos-Camilo-no-Bar-Alto-08-12-22-66-de-186-480x320.jpg 480w\" sizes=\"(min-width: 0px) and (max-width: 480px) 480px, (min-width: 481px) and (max-width: 980px) 980px, (min-width: 981px) and (max-width: 1280px) 1280px, (min-width: 1281px) 2560px, 100vw\" \/><\/a><\/figure>\n\n\n\n<figure class=\"wp-block-image size-full\"><a href=\"https:\/\/futuraestudio.arq.br\/wp-content\/uploads\/2024\/01\/Projeto-do-Bar-Alto-e-Claudia-Millos-Camilo-no-Bar-Alto-08-12-22-68-de-186-scaled.jpg\"><img decoding=\"async\" width=\"1707\" height=\"2560\" data-id=\"755\" src=\"https:\/\/futuraestudio.arq.br\/wp-content\/uploads\/2024\/01\/Projeto-do-Bar-Alto-e-Claudia-Millos-Camilo-no-Bar-Alto-08-12-22-68-de-186-scaled.jpg\" alt=\"\" class=\"wp-image-755\" srcset=\"https:\/\/futuraestudio.arq.br\/wp-content\/uploads\/2024\/01\/Projeto-do-Bar-Alto-e-Claudia-Millos-Camilo-no-Bar-Alto-08-12-22-68-de-186-scaled.jpg 1707w, https:\/\/futuraestudio.arq.br\/wp-content\/uploads\/2024\/01\/Projeto-do-Bar-Alto-e-Claudia-Millos-Camilo-no-Bar-Alto-08-12-22-68-de-186-1280x1920.jpg 1280w, https:\/\/futuraestudio.arq.br\/wp-content\/uploads\/2024\/01\/Projeto-do-Bar-Alto-e-Claudia-Millos-Camilo-no-Bar-Alto-08-12-22-68-de-186-980x1470.jpg 980w, https:\/\/futuraestudio.arq.br\/wp-content\/uploads\/2024\/01\/Projeto-do-Bar-Alto-e-Claudia-Millos-Camilo-no-Bar-Alto-08-12-22-68-de-186-480x720.jpg 480w\" sizes=\"(min-width: 0px) and (max-width: 480px) 480px, (min-width: 481px) and (max-width: 980px) 980px, (min-width: 981px) and (max-width: 1280px) 1280px, (min-width: 1281px) 1707px, 100vw\" \/><\/a><\/figure>\n\n\n\n<figure class=\"wp-block-image size-full\"><a href=\"https:\/\/futuraestudio.arq.br\/wp-content\/uploads\/2024\/01\/Projeto-do-Bar-Alto-e-Claudia-Millos-Camilo-no-Bar-Alto-08-12-22-72-de-186-scaled.jpg\"><img decoding=\"async\" width=\"1707\" height=\"2560\" data-id=\"756\" src=\"https:\/\/futuraestudio.arq.br\/wp-content\/uploads\/2024\/01\/Projeto-do-Bar-Alto-e-Claudia-Millos-Camilo-no-Bar-Alto-08-12-22-72-de-186-scaled.jpg\" alt=\"\" class=\"wp-image-756\" srcset=\"https:\/\/futuraestudio.arq.br\/wp-content\/uploads\/2024\/01\/Projeto-do-Bar-Alto-e-Claudia-Millos-Camilo-no-Bar-Alto-08-12-22-72-de-186-scaled.jpg 1707w, https:\/\/futuraestudio.arq.br\/wp-content\/uploads\/2024\/01\/Projeto-do-Bar-Alto-e-Claudia-Millos-Camilo-no-Bar-Alto-08-12-22-72-de-186-1280x1920.jpg 1280w, https:\/\/futuraestudio.arq.br\/wp-content\/uploads\/2024\/01\/Projeto-do-Bar-Alto-e-Claudia-Millos-Camilo-no-Bar-Alto-08-12-22-72-de-186-980x1470.jpg 980w, https:\/\/futuraestudio.arq.br\/wp-content\/uploads\/2024\/01\/Projeto-do-Bar-Alto-e-Claudia-Millos-Camilo-no-Bar-Alto-08-12-22-72-de-186-480x720.jpg 480w\" sizes=\"(min-width: 0px) and (max-width: 480px) 480px, (min-width: 481px) and (max-width: 980px) 980px, (min-width: 981px) and (max-width: 1280px) 1280px, (min-width: 1281px) 1707px, 100vw\" \/><\/a><\/figure>\n\n\n\n<figure class=\"wp-block-image size-full\"><a href=\"https:\/\/futuraestudio.arq.br\/wp-content\/uploads\/2024\/01\/Projeto-do-Bar-Alto-e-Claudia-Millos-Camilo-no-Bar-Alto-08-12-22-73-de-186-scaled.jpg\"><img decoding=\"async\" width=\"2560\" height=\"1707\" data-id=\"757\" src=\"https:\/\/futuraestudio.arq.br\/wp-content\/uploads\/2024\/01\/Projeto-do-Bar-Alto-e-Claudia-Millos-Camilo-no-Bar-Alto-08-12-22-73-de-186-scaled.jpg\" alt=\"\" class=\"wp-image-757\" srcset=\"https:\/\/futuraestudio.arq.br\/wp-content\/uploads\/2024\/01\/Projeto-do-Bar-Alto-e-Claudia-Millos-Camilo-no-Bar-Alto-08-12-22-73-de-186-scaled.jpg 2560w, https:\/\/futuraestudio.arq.br\/wp-content\/uploads\/2024\/01\/Projeto-do-Bar-Alto-e-Claudia-Millos-Camilo-no-Bar-Alto-08-12-22-73-de-186-1280x854.jpg 1280w, https:\/\/futuraestudio.arq.br\/wp-content\/uploads\/2024\/01\/Projeto-do-Bar-Alto-e-Claudia-Millos-Camilo-no-Bar-Alto-08-12-22-73-de-186-980x653.jpg 980w, https:\/\/futuraestudio.arq.br\/wp-content\/uploads\/2024\/01\/Projeto-do-Bar-Alto-e-Claudia-Millos-Camilo-no-Bar-Alto-08-12-22-73-de-186-480x320.jpg 480w\" sizes=\"(min-width: 0px) and (max-width: 480px) 480px, (min-width: 481px) and (max-width: 980px) 980px, (min-width: 981px) and (max-width: 1280px) 1280px, (min-width: 1281px) 2560px, 100vw\" \/><\/a><\/figure>\n\n\n\n<figure class=\"wp-block-image size-full\"><a href=\"https:\/\/futuraestudio.arq.br\/wp-content\/uploads\/2024\/01\/Projeto-do-Bar-Alto-e-Claudia-Millos-Camilo-no-Bar-Alto-08-12-22-78-de-186-scaled.jpg\"><img decoding=\"async\" width=\"2560\" height=\"1707\" data-id=\"758\" src=\"https:\/\/futuraestudio.arq.br\/wp-content\/uploads\/2024\/01\/Projeto-do-Bar-Alto-e-Claudia-Millos-Camilo-no-Bar-Alto-08-12-22-78-de-186-scaled.jpg\" alt=\"\" class=\"wp-image-758\" srcset=\"https:\/\/futuraestudio.arq.br\/wp-content\/uploads\/2024\/01\/Projeto-do-Bar-Alto-e-Claudia-Millos-Camilo-no-Bar-Alto-08-12-22-78-de-186-scaled.jpg 2560w, https:\/\/futuraestudio.arq.br\/wp-content\/uploads\/2024\/01\/Projeto-do-Bar-Alto-e-Claudia-Millos-Camilo-no-Bar-Alto-08-12-22-78-de-186-1280x854.jpg 1280w, https:\/\/futuraestudio.arq.br\/wp-content\/uploads\/2024\/01\/Projeto-do-Bar-Alto-e-Claudia-Millos-Camilo-no-Bar-Alto-08-12-22-78-de-186-980x653.jpg 980w, https:\/\/futuraestudio.arq.br\/wp-content\/uploads\/2024\/01\/Projeto-do-Bar-Alto-e-Claudia-Millos-Camilo-no-Bar-Alto-08-12-22-78-de-186-480x320.jpg 480w\" sizes=\"(min-width: 0px) and (max-width: 480px) 480px, (min-width: 481px) and (max-width: 980px) 980px, (min-width: 981px) and (max-width: 1280px) 1280px, (min-width: 1281px) 2560px, 100vw\" \/><\/a><\/figure>\n\n\n\n<figure class=\"wp-block-image size-full\"><a href=\"https:\/\/futuraestudio.arq.br\/wp-content\/uploads\/2024\/01\/Projeto-do-Bar-Alto-e-Claudia-Millos-Camilo-no-Bar-Alto-08-12-22-87-de-186-scaled.jpg\"><img decoding=\"async\" width=\"2560\" height=\"1707\" data-id=\"759\" src=\"https:\/\/futuraestudio.arq.br\/wp-content\/uploads\/2024\/01\/Projeto-do-Bar-Alto-e-Claudia-Millos-Camilo-no-Bar-Alto-08-12-22-87-de-186-scaled.jpg\" alt=\"\" class=\"wp-image-759\" srcset=\"https:\/\/futuraestudio.arq.br\/wp-content\/uploads\/2024\/01\/Projeto-do-Bar-Alto-e-Claudia-Millos-Camilo-no-Bar-Alto-08-12-22-87-de-186-scaled.jpg 2560w, https:\/\/futuraestudio.arq.br\/wp-content\/uploads\/2024\/01\/Projeto-do-Bar-Alto-e-Claudia-Millos-Camilo-no-Bar-Alto-08-12-22-87-de-186-1280x854.jpg 1280w, https:\/\/futuraestudio.arq.br\/wp-content\/uploads\/2024\/01\/Projeto-do-Bar-Alto-e-Claudia-Millos-Camilo-no-Bar-Alto-08-12-22-87-de-186-980x653.jpg 980w, https:\/\/futuraestudio.arq.br\/wp-content\/uploads\/2024\/01\/Projeto-do-Bar-Alto-e-Claudia-Millos-Camilo-no-Bar-Alto-08-12-22-87-de-186-480x320.jpg 480w\" sizes=\"(min-width: 0px) and (max-width: 480px) 480px, (min-width: 481px) and (max-width: 980px) 980px, (min-width: 981px) and (max-width: 1280px) 1280px, (min-width: 1281px) 2560px, 100vw\" \/><\/a><\/figure>\n\n\n\n<figure class=\"wp-block-image size-full\"><a href=\"https:\/\/futuraestudio.arq.br\/wp-content\/uploads\/2024\/01\/Projeto-do-Bar-Alto-e-Claudia-Millos-Camilo-no-Bar-Alto-08-12-22-93-de-186-scaled.jpg\"><img decoding=\"async\" width=\"2560\" height=\"1707\" data-id=\"760\" src=\"https:\/\/futuraestudio.arq.br\/wp-content\/uploads\/2024\/01\/Projeto-do-Bar-Alto-e-Claudia-Millos-Camilo-no-Bar-Alto-08-12-22-93-de-186-scaled.jpg\" alt=\"\" class=\"wp-image-760\" srcset=\"https:\/\/futuraestudio.arq.br\/wp-content\/uploads\/2024\/01\/Projeto-do-Bar-Alto-e-Claudia-Millos-Camilo-no-Bar-Alto-08-12-22-93-de-186-scaled.jpg 2560w, https:\/\/futuraestudio.arq.br\/wp-content\/uploads\/2024\/01\/Projeto-do-Bar-Alto-e-Claudia-Millos-Camilo-no-Bar-Alto-08-12-22-93-de-186-1280x854.jpg 1280w, https:\/\/futuraestudio.arq.br\/wp-content\/uploads\/2024\/01\/Projeto-do-Bar-Alto-e-Claudia-Millos-Camilo-no-Bar-Alto-08-12-22-93-de-186-980x653.jpg 980w, https:\/\/futuraestudio.arq.br\/wp-content\/uploads\/2024\/01\/Projeto-do-Bar-Alto-e-Claudia-Millos-Camilo-no-Bar-Alto-08-12-22-93-de-186-480x320.jpg 480w\" sizes=\"(min-width: 0px) and (max-width: 480px) 480px, (min-width: 481px) and (max-width: 980px) 980px, (min-width: 981px) and (max-width: 1280px) 1280px, (min-width: 1281px) 2560px, 100vw\" \/><\/a><\/figure>\n\n\n\n<figure class=\"wp-block-image size-full\"><a href=\"https:\/\/futuraestudio.arq.br\/wp-content\/uploads\/2024\/01\/Projeto-do-Bar-Alto-e-Claudia-Millos-Camilo-no-Bar-Alto-08-12-22-94-de-186-scaled.jpg\"><img decoding=\"async\" width=\"1707\" height=\"2560\" data-id=\"761\" src=\"https:\/\/futuraestudio.arq.br\/wp-content\/uploads\/2024\/01\/Projeto-do-Bar-Alto-e-Claudia-Millos-Camilo-no-Bar-Alto-08-12-22-94-de-186-scaled.jpg\" alt=\"\" class=\"wp-image-761\" srcset=\"https:\/\/futuraestudio.arq.br\/wp-content\/uploads\/2024\/01\/Projeto-do-Bar-Alto-e-Claudia-Millos-Camilo-no-Bar-Alto-08-12-22-94-de-186-scaled.jpg 1707w, https:\/\/futuraestudio.arq.br\/wp-content\/uploads\/2024\/01\/Projeto-do-Bar-Alto-e-Claudia-Millos-Camilo-no-Bar-Alto-08-12-22-94-de-186-1280x1920.jpg 1280w, https:\/\/futuraestudio.arq.br\/wp-content\/uploads\/2024\/01\/Projeto-do-Bar-Alto-e-Claudia-Millos-Camilo-no-Bar-Alto-08-12-22-94-de-186-980x1470.jpg 980w, https:\/\/futuraestudio.arq.br\/wp-content\/uploads\/2024\/01\/Projeto-do-Bar-Alto-e-Claudia-Millos-Camilo-no-Bar-Alto-08-12-22-94-de-186-480x720.jpg 480w\" sizes=\"(min-width: 0px) and (max-width: 480px) 480px, (min-width: 481px) and (max-width: 980px) 980px, (min-width: 981px) and (max-width: 1280px) 1280px, (min-width: 1281px) 1707px, 100vw\" \/><\/a><\/figure>\n\n\n\n<figure class=\"wp-block-image size-full\"><a href=\"https:\/\/futuraestudio.arq.br\/wp-content\/uploads\/2024\/01\/Projeto-do-Bar-Alto-e-Claudia-Millos-Camilo-no-Bar-Alto-08-12-22-101-de-186-scaled.jpg\"><img decoding=\"async\" width=\"2560\" height=\"1707\" data-id=\"762\" src=\"https:\/\/futuraestudio.arq.br\/wp-content\/uploads\/2024\/01\/Projeto-do-Bar-Alto-e-Claudia-Millos-Camilo-no-Bar-Alto-08-12-22-101-de-186-scaled.jpg\" alt=\"\" class=\"wp-image-762\" srcset=\"https:\/\/futuraestudio.arq.br\/wp-content\/uploads\/2024\/01\/Projeto-do-Bar-Alto-e-Claudia-Millos-Camilo-no-Bar-Alto-08-12-22-101-de-186-scaled.jpg 2560w, https:\/\/futuraestudio.arq.br\/wp-content\/uploads\/2024\/01\/Projeto-do-Bar-Alto-e-Claudia-Millos-Camilo-no-Bar-Alto-08-12-22-101-de-186-1280x854.jpg 1280w, https:\/\/futuraestudio.arq.br\/wp-content\/uploads\/2024\/01\/Projeto-do-Bar-Alto-e-Claudia-Millos-Camilo-no-Bar-Alto-08-12-22-101-de-186-980x653.jpg 980w, https:\/\/futuraestudio.arq.br\/wp-content\/uploads\/2024\/01\/Projeto-do-Bar-Alto-e-Claudia-Millos-Camilo-no-Bar-Alto-08-12-22-101-de-186-480x320.jpg 480w\" sizes=\"(min-width: 0px) and (max-width: 480px) 480px, (min-width: 481px) and (max-width: 980px) 980px, (min-width: 981px) and (max-width: 1280px) 1280px, (min-width: 1281px) 2560px, 100vw\" \/><\/a><\/figure>\n<\/figure>\n<\/div>\n<\/div>\n<\/div>\n","protected":false},"excerpt":{"rendered":"<p>Briefing do cliente: O Bar Alto surgiu da transforma\u00e7\u00e3o de uma antiga casa de ch\u00e1, localizada na charmosa Vila Madalena. A propriedade, inicialmente deteriorada, apresentava um espa\u00e7o pontual ao fundo, e a ideia era criar um ambiente aconchegante com um terra\u00e7o que proporcionasse uma vista deslumbrante da Vila Madalena, aproveitando a eleva\u00e7\u00e3o geogr\u00e1fica. A necessidade [&hellip;]<\/p>\n","protected":false},"author":1,"featured_media":1081,"comment_status":"closed","ping_status":"closed","template":"","meta":{"_et_pb_use_builder":"","_et_pb_old_content":"","_et_gb_content_width":"","footnotes":"","_links_to":"","_links_to_target":""},"project_category":[18],"project_tag":[],"class_list":["post-710","project","type-project","status-publish","has-post-thumbnail","hentry","project_category-comercial"],"yoast_head":"<!-- This site is optimized with the Yoast SEO plugin v27.5 - https:\/\/yoast.com\/product\/yoast-seo-wordpress\/ -->\n<title>Bar Alto - FUTURA<\/title>\n<meta name=\"robots\" content=\"index, follow, max-snippet:-1, max-image-preview:large, max-video-preview:-1\" \/>\n<link rel=\"canonical\" href=\"https:\/\/futuraestudio.arq.br\/index.php\/project\/bar-alto\/\" \/>\n<meta property=\"og:locale\" content=\"en_US\" \/>\n<meta property=\"og:type\" content=\"article\" \/>\n<meta property=\"og:title\" content=\"Bar Alto - FUTURA\" \/>\n<meta property=\"og:description\" content=\"Briefing do cliente: O Bar Alto surgiu da transforma\u00e7\u00e3o de uma antiga casa de ch\u00e1, localizada na charmosa Vila Madalena. A propriedade, inicialmente deteriorada, apresentava um espa\u00e7o pontual ao fundo, e a ideia era criar um ambiente aconchegante com um terra\u00e7o que proporcionasse uma vista deslumbrante da Vila Madalena, aproveitando a eleva\u00e7\u00e3o geogr\u00e1fica. A necessidade [&hellip;]\" \/>\n<meta property=\"og:url\" content=\"https:\/\/futuraestudio.arq.br\/index.php\/project\/bar-alto\/\" \/>\n<meta property=\"og:site_name\" content=\"FUTURA\" \/>\n<meta property=\"article:publisher\" content=\"https:\/\/fb.com\/futura.estudio.arq\/\" \/>\n<meta property=\"article:modified_time\" content=\"2024-03-05T12:12:34+00:00\" \/>\n<meta property=\"og:image\" content=\"https:\/\/futuraestudio.arq.br\/wp-content\/uploads\/2024\/02\/Projeto-do-Bar-Alto-e-Claudia-Millos-Camilo-no-Bar-Alto-08-12-22-20-de-186-scaled.jpg\" \/>\n\t<meta property=\"og:image:width\" content=\"2560\" \/>\n\t<meta property=\"og:image:height\" content=\"1707\" \/>\n\t<meta property=\"og:image:type\" content=\"image\/jpeg\" \/>\n<meta name=\"twitter:card\" content=\"summary_large_image\" \/>\n<meta name=\"twitter:label1\" content=\"Est. reading time\" \/>\n\t<meta name=\"twitter:data1\" content=\"2 minutes\" \/>\n<script type=\"application\/ld+json\" class=\"yoast-schema-graph\">{\"@context\":\"https:\\\/\\\/schema.org\",\"@graph\":[{\"@type\":\"WebPage\",\"@id\":\"https:\\\/\\\/futuraestudio.arq.br\\\/index.php\\\/project\\\/bar-alto\\\/\",\"url\":\"https:\\\/\\\/futuraestudio.arq.br\\\/index.php\\\/project\\\/bar-alto\\\/\",\"name\":\"Bar Alto - FUTURA\",\"isPartOf\":{\"@id\":\"https:\\\/\\\/futuraestudio.arq.br\\\/#website\"},\"primaryImageOfPage\":{\"@id\":\"https:\\\/\\\/futuraestudio.arq.br\\\/index.php\\\/project\\\/bar-alto\\\/#primaryimage\"},\"image\":{\"@id\":\"https:\\\/\\\/futuraestudio.arq.br\\\/index.php\\\/project\\\/bar-alto\\\/#primaryimage\"},\"thumbnailUrl\":\"https:\\\/\\\/futuraestudio.arq.br\\\/wp-content\\\/uploads\\\/2024\\\/02\\\/Projeto-do-Bar-Alto-e-Claudia-Millos-Camilo-no-Bar-Alto-08-12-22-20-de-186-scaled.jpg\",\"datePublished\":\"2024-02-19T11:14:37+00:00\",\"dateModified\":\"2024-03-05T12:12:34+00:00\",\"breadcrumb\":{\"@id\":\"https:\\\/\\\/futuraestudio.arq.br\\\/index.php\\\/project\\\/bar-alto\\\/#breadcrumb\"},\"inLanguage\":\"en-US\",\"potentialAction\":[{\"@type\":\"ReadAction\",\"target\":[\"https:\\\/\\\/futuraestudio.arq.br\\\/index.php\\\/project\\\/bar-alto\\\/\"]}]},{\"@type\":\"ImageObject\",\"inLanguage\":\"en-US\",\"@id\":\"https:\\\/\\\/futuraestudio.arq.br\\\/index.php\\\/project\\\/bar-alto\\\/#primaryimage\",\"url\":\"https:\\\/\\\/futuraestudio.arq.br\\\/wp-content\\\/uploads\\\/2024\\\/02\\\/Projeto-do-Bar-Alto-e-Claudia-Millos-Camilo-no-Bar-Alto-08-12-22-20-de-186-scaled.jpg\",\"contentUrl\":\"https:\\\/\\\/futuraestudio.arq.br\\\/wp-content\\\/uploads\\\/2024\\\/02\\\/Projeto-do-Bar-Alto-e-Claudia-Millos-Camilo-no-Bar-Alto-08-12-22-20-de-186-scaled.jpg\",\"width\":2560,\"height\":1707},{\"@type\":\"BreadcrumbList\",\"@id\":\"https:\\\/\\\/futuraestudio.arq.br\\\/index.php\\\/project\\\/bar-alto\\\/#breadcrumb\",\"itemListElement\":[{\"@type\":\"ListItem\",\"position\":1,\"name\":\"Home\",\"item\":\"https:\\\/\\\/futuraestudio.arq.br\\\/\"},{\"@type\":\"ListItem\",\"position\":2,\"name\":\"Projects\",\"item\":\"https:\\\/\\\/futuraestudio.arq.br\\\/index.php\\\/project\\\/\"},{\"@type\":\"ListItem\",\"position\":3,\"name\":\"Bar Alto\"}]},{\"@type\":\"WebSite\",\"@id\":\"https:\\\/\\\/futuraestudio.arq.br\\\/#website\",\"url\":\"https:\\\/\\\/futuraestudio.arq.br\\\/\",\"name\":\"FUTURA\",\"description\":\"facilitamos o complexo e respeitamos o simples\",\"publisher\":{\"@id\":\"https:\\\/\\\/futuraestudio.arq.br\\\/#organization\"},\"potentialAction\":[{\"@type\":\"SearchAction\",\"target\":{\"@type\":\"EntryPoint\",\"urlTemplate\":\"https:\\\/\\\/futuraestudio.arq.br\\\/?s={search_term_string}\"},\"query-input\":{\"@type\":\"PropertyValueSpecification\",\"valueRequired\":true,\"valueName\":\"search_term_string\"}}],\"inLanguage\":\"en-US\"},{\"@type\":\"Organization\",\"@id\":\"https:\\\/\\\/futuraestudio.arq.br\\\/#organization\",\"name\":\"FUTURA\",\"url\":\"https:\\\/\\\/futuraestudio.arq.br\\\/\",\"logo\":{\"@type\":\"ImageObject\",\"inLanguage\":\"en-US\",\"@id\":\"https:\\\/\\\/futuraestudio.arq.br\\\/#\\\/schema\\\/logo\\\/image\\\/\",\"url\":\"https:\\\/\\\/futuraestudio.arq.br\\\/wp-content\\\/uploads\\\/2023\\\/07\\\/FUTURA_ESTUDIO_LOGO.svg\",\"contentUrl\":\"https:\\\/\\\/futuraestudio.arq.br\\\/wp-content\\\/uploads\\\/2023\\\/07\\\/FUTURA_ESTUDIO_LOGO.svg\",\"width\":\"1024\",\"height\":\"1024\",\"caption\":\"FUTURA\"},\"image\":{\"@id\":\"https:\\\/\\\/futuraestudio.arq.br\\\/#\\\/schema\\\/logo\\\/image\\\/\"},\"sameAs\":[\"https:\\\/\\\/fb.com\\\/futura.estudio.arq\\\/\",\"https:\\\/\\\/www.instagram.com\\\/futura.estudio\\\/\"]}]}<\/script>\n<!-- \/ Yoast SEO plugin. -->","yoast_head_json":{"title":"Bar Alto - FUTURA","robots":{"index":"index","follow":"follow","max-snippet":"max-snippet:-1","max-image-preview":"max-image-preview:large","max-video-preview":"max-video-preview:-1"},"canonical":"https:\/\/futuraestudio.arq.br\/index.php\/project\/bar-alto\/","og_locale":"en_US","og_type":"article","og_title":"Bar Alto - FUTURA","og_description":"Briefing do cliente: O Bar Alto surgiu da transforma\u00e7\u00e3o de uma antiga casa de ch\u00e1, localizada na charmosa Vila Madalena. A propriedade, inicialmente deteriorada, apresentava um espa\u00e7o pontual ao fundo, e a ideia era criar um ambiente aconchegante com um terra\u00e7o que proporcionasse uma vista deslumbrante da Vila Madalena, aproveitando a eleva\u00e7\u00e3o geogr\u00e1fica. A necessidade [&hellip;]","og_url":"https:\/\/futuraestudio.arq.br\/index.php\/project\/bar-alto\/","og_site_name":"FUTURA","article_publisher":"https:\/\/fb.com\/futura.estudio.arq\/","article_modified_time":"2024-03-05T12:12:34+00:00","og_image":[{"width":2560,"height":1707,"url":"https:\/\/futuraestudio.arq.br\/wp-content\/uploads\/2024\/02\/Projeto-do-Bar-Alto-e-Claudia-Millos-Camilo-no-Bar-Alto-08-12-22-20-de-186-scaled.jpg","type":"image\/jpeg"}],"twitter_card":"summary_large_image","twitter_misc":{"Est. reading time":"2 minutes"},"schema":{"@context":"https:\/\/schema.org","@graph":[{"@type":"WebPage","@id":"https:\/\/futuraestudio.arq.br\/index.php\/project\/bar-alto\/","url":"https:\/\/futuraestudio.arq.br\/index.php\/project\/bar-alto\/","name":"Bar Alto - FUTURA","isPartOf":{"@id":"https:\/\/futuraestudio.arq.br\/#website"},"primaryImageOfPage":{"@id":"https:\/\/futuraestudio.arq.br\/index.php\/project\/bar-alto\/#primaryimage"},"image":{"@id":"https:\/\/futuraestudio.arq.br\/index.php\/project\/bar-alto\/#primaryimage"},"thumbnailUrl":"https:\/\/futuraestudio.arq.br\/wp-content\/uploads\/2024\/02\/Projeto-do-Bar-Alto-e-Claudia-Millos-Camilo-no-Bar-Alto-08-12-22-20-de-186-scaled.jpg","datePublished":"2024-02-19T11:14:37+00:00","dateModified":"2024-03-05T12:12:34+00:00","breadcrumb":{"@id":"https:\/\/futuraestudio.arq.br\/index.php\/project\/bar-alto\/#breadcrumb"},"inLanguage":"en-US","potentialAction":[{"@type":"ReadAction","target":["https:\/\/futuraestudio.arq.br\/index.php\/project\/bar-alto\/"]}]},{"@type":"ImageObject","inLanguage":"en-US","@id":"https:\/\/futuraestudio.arq.br\/index.php\/project\/bar-alto\/#primaryimage","url":"https:\/\/futuraestudio.arq.br\/wp-content\/uploads\/2024\/02\/Projeto-do-Bar-Alto-e-Claudia-Millos-Camilo-no-Bar-Alto-08-12-22-20-de-186-scaled.jpg","contentUrl":"https:\/\/futuraestudio.arq.br\/wp-content\/uploads\/2024\/02\/Projeto-do-Bar-Alto-e-Claudia-Millos-Camilo-no-Bar-Alto-08-12-22-20-de-186-scaled.jpg","width":2560,"height":1707},{"@type":"BreadcrumbList","@id":"https:\/\/futuraestudio.arq.br\/index.php\/project\/bar-alto\/#breadcrumb","itemListElement":[{"@type":"ListItem","position":1,"name":"Home","item":"https:\/\/futuraestudio.arq.br\/"},{"@type":"ListItem","position":2,"name":"Projects","item":"https:\/\/futuraestudio.arq.br\/index.php\/project\/"},{"@type":"ListItem","position":3,"name":"Bar Alto"}]},{"@type":"WebSite","@id":"https:\/\/futuraestudio.arq.br\/#website","url":"https:\/\/futuraestudio.arq.br\/","name":"FUTURA","description":"facilitamos o complexo e respeitamos o simples","publisher":{"@id":"https:\/\/futuraestudio.arq.br\/#organization"},"potentialAction":[{"@type":"SearchAction","target":{"@type":"EntryPoint","urlTemplate":"https:\/\/futuraestudio.arq.br\/?s={search_term_string}"},"query-input":{"@type":"PropertyValueSpecification","valueRequired":true,"valueName":"search_term_string"}}],"inLanguage":"en-US"},{"@type":"Organization","@id":"https:\/\/futuraestudio.arq.br\/#organization","name":"FUTURA","url":"https:\/\/futuraestudio.arq.br\/","logo":{"@type":"ImageObject","inLanguage":"en-US","@id":"https:\/\/futuraestudio.arq.br\/#\/schema\/logo\/image\/","url":"https:\/\/futuraestudio.arq.br\/wp-content\/uploads\/2023\/07\/FUTURA_ESTUDIO_LOGO.svg","contentUrl":"https:\/\/futuraestudio.arq.br\/wp-content\/uploads\/2023\/07\/FUTURA_ESTUDIO_LOGO.svg","width":"1024","height":"1024","caption":"FUTURA"},"image":{"@id":"https:\/\/futuraestudio.arq.br\/#\/schema\/logo\/image\/"},"sameAs":["https:\/\/fb.com\/futura.estudio.arq\/","https:\/\/www.instagram.com\/futura.estudio\/"]}]}},"_links":{"self":[{"href":"https:\/\/futuraestudio.arq.br\/index.php\/wp-json\/wp\/v2\/project\/710","targetHints":{"allow":["GET"]}}],"collection":[{"href":"https:\/\/futuraestudio.arq.br\/index.php\/wp-json\/wp\/v2\/project"}],"about":[{"href":"https:\/\/futuraestudio.arq.br\/index.php\/wp-json\/wp\/v2\/types\/project"}],"author":[{"embeddable":true,"href":"https:\/\/futuraestudio.arq.br\/index.php\/wp-json\/wp\/v2\/users\/1"}],"replies":[{"embeddable":true,"href":"https:\/\/futuraestudio.arq.br\/index.php\/wp-json\/wp\/v2\/comments?post=710"}],"version-history":[{"count":10,"href":"https:\/\/futuraestudio.arq.br\/index.php\/wp-json\/wp\/v2\/project\/710\/revisions"}],"predecessor-version":[{"id":1084,"href":"https:\/\/futuraestudio.arq.br\/index.php\/wp-json\/wp\/v2\/project\/710\/revisions\/1084"}],"wp:featuredmedia":[{"embeddable":true,"href":"https:\/\/futuraestudio.arq.br\/index.php\/wp-json\/wp\/v2\/media\/1081"}],"wp:attachment":[{"href":"https:\/\/futuraestudio.arq.br\/index.php\/wp-json\/wp\/v2\/media?parent=710"}],"wp:term":[{"taxonomy":"project_category","embeddable":true,"href":"https:\/\/futuraestudio.arq.br\/index.php\/wp-json\/wp\/v2\/project_category?post=710"},{"taxonomy":"project_tag","embeddable":true,"href":"https:\/\/futuraestudio.arq.br\/index.php\/wp-json\/wp\/v2\/project_tag?post=710"}],"curies":[{"name":"wp","href":"https:\/\/api.w.org\/{rel}","templated":true}]}}